{"id":3,"date":"2020-10-22T08:30:26","date_gmt":"2020-10-22T08:30:26","guid":{"rendered":"https:\/\/clinicadentalruizbusquets.es\/?page_id=3"},"modified":"2021-04-14T09:14:04","modified_gmt":"2021-04-14T09:14:04","slug":"politica-privacidad","status":"publish","type":"page","link":"https:\/\/www.clinicadentalruizbusquets.es\/es\/politica-privacidad\/","title":{"rendered":"Pol\u00edtica de privacidad"},"content":{"rendered":"<p><div class=\"fusion-fullwidth fullwidth-box fusion-builder-row-1 fusion-flex-container nonhundred-percent-fullwidth non-hundred-percent-height-scrolling\" style=\"--awb-border-radius-top-left:0px;--awb-border-radius-top-right:0px;--awb-border-radius-bottom-right:0px;--awb-border-radius-bottom-left:0px;--awb-flex-wrap:wrap;\" ><div class=\"fusion-builder-row fusion-row fusion-flex-align-items-flex-start fusion-flex-content-wrap\" style=\"max-width:1300px;margin-left: calc(-4% \/ 2 );margin-right: calc(-4% \/ 2 );\"><div class=\"fusion-layout-column fusion_builder_column fusion-builder-column-0 fusion_builder_column_1_1 1_1 fusion-flex-column\" style=\"--awb-bg-size:cover;--awb-width-large:100%;--awb-margin-top-large:0px;--awb-spacing-right-large:1.92%;--awb-margin-bottom-large:20px;--awb-spacing-left-large:1.92%;--awb-width-medium:100%;--awb-order-medium:0;--awb-spacing-right-medium:1.92%;--awb-spacing-left-medium:1.92%;--awb-width-small:100%;--awb-order-small:0;--awb-spacing-right-small:1.92%;--awb-spacing-left-small:1.92%;\" id=\"responsable\"><div class=\"fusion-column-wrapper fusion-column-has-shadow fusion-flex-justify-content-flex-start fusion-content-layout-column\"><div class=\"fusion-text fusion-text-1\"><h2>1- \u00bfQUI\u00c9N ES EL RESPONSABLE DE TRATAMIENTO DE TUS DATOS?<\/h2>\n<p>El responsable del tratamiento de los datos personales y titular de la p\u00e1gina web\u00a0 <a href=\"http:\/\/www.clinicadentalruizbusquets.es\">www.clinicadentalruizbusquets.es<\/a> es MRB DENTAL PROFESIONAL, S.L.P con sede social en C\/ Gran de Sant Andreu 190, Bajos, Local 2 (08030, Barcelona), inscrita en el Registro Mercantil de Barcelona (en adelante La Cl\u00ednica)<\/p>\n<p>LA CL\u00cdNICA ha adoptado todas las medidas t\u00e9cnicas y organizativas necesarias para cumplir con las exigencias de la vigente normativa de protecci\u00f3n de datos, especialmente el Reglamento General de Protecci\u00f3n de datos de UE.<\/p>\n<p><b>Datos de Contacto de LA CL\u00cdNICA<\/b><\/p>\n<p>933 600 891<\/p>\n<p><a href=\"mailto:info@clinicadentalruizbusquets.es\"><b>info@clinicadentalruizbusquets.es<\/b><\/a><\/p>\n<\/div><\/div><\/div><\/div><\/div><div class=\"fusion-fullwidth fullwidth-box fusion-builder-row-2 fusion-flex-container nonhundred-percent-fullwidth non-hundred-percent-height-scrolling\" style=\"--awb-border-radius-top-left:0px;--awb-border-radius-top-right:0px;--awb-border-radius-bottom-right:0px;--awb-border-radius-bottom-left:0px;--awb-flex-wrap:wrap;\" id=\"tipo\" ><div class=\"fusion-builder-row fusion-row fusion-flex-align-items-flex-start fusion-flex-content-wrap\" style=\"max-width:1300px;margin-left: calc(-4% \/ 2 );margin-right: calc(-4% \/ 2 );\"><div class=\"fusion-layout-column fusion_builder_column fusion-builder-column-1 fusion_builder_column_1_1 1_1 fusion-flex-column\" style=\"--awb-bg-size:cover;--awb-width-large:100%;--awb-margin-top-large:0px;--awb-spacing-right-large:1.92%;--awb-margin-bottom-large:20px;--awb-spacing-left-large:1.92%;--awb-width-medium:100%;--awb-order-medium:0;--awb-spacing-right-medium:1.92%;--awb-spacing-left-medium:1.92%;--awb-width-small:100%;--awb-order-small:0;--awb-spacing-right-small:1.92%;--awb-spacing-left-small:1.92%;\"><div class=\"fusion-column-wrapper fusion-column-has-shadow fusion-flex-justify-content-flex-start fusion-content-layout-column\"><div class=\"fusion-text fusion-text-2\"><h2>2- \u00bfQU\u00c9 TIPO DE DATOS PERSONALES TRATAMOS Y CON QU\u00c9 FINALIDAD?<\/h2>\n<p><strong>1-Tipos de datos personales que procesamos<\/strong><\/p>\n<p>Podemos recopilar y procesar las siguientes categor\u00edas de datos personales:<\/p>\n<ol>\n<li>Nombre, tratamiento, g\u00e9nero.<\/li>\n<li>Sus detalles de contacto, cuenta bancaria o tarjeta de cr\u00e9dito, direcci\u00f3n, el n\u00famero de tel\u00e9fono, NIF y su direcci\u00f3n de correo electr\u00f3nico.<\/li>\n<li>Informaci\u00f3n de sus datos m\u00e9dicos y tratamientos contratados.<\/li>\n<li>Comunicarnos con Ud.<\/li>\n<\/ol>\n<p>Registramos sus comunicaciones con nosotros realizadas mediante correo electr\u00f3nico u otros medios. Cuando realiza una comunicaci\u00f3n telef\u00f3nica, nuestro servicio de atenci\u00f3n al cliente podr\u00eda registrar sus preguntas o quejas en nuestra base de datos.\u00a0<\/p>\n<ol>\n<li>Informaci\u00f3n recopilada cuando utiliza nuestro sitio web y otros medios digitales, en su caso.<\/li>\n<\/ol>\n<p>Cuando visita nuestro sitio web, podr\u00edamos registrar su direcci\u00f3n IP, tipo de navegador, sistema operativo, sitio web de origen y comportamiento de navegaci\u00f3n de web.<\/p>\n<ol>\n<li>Informaci\u00f3n relativa a redes sociales.<\/li>\n<\/ol>\n<p>Dependiendo de sus ajustes de red social podemos recibir informaci\u00f3n de su proveedor de red social. Por ejemplo, cuando se identifica con una cuenta de red social para utilizar nuestros servicios, podemos recibir su perfil de red social incluyendo datos de contacto, intereses y contactos. Para m\u00e1s informaci\u00f3n de los datos personales que recibimos de su proveedor de red social y c\u00f3mo modificar la configuraci\u00f3n, consulte el sitio web y la pol\u00edtica de privacidad de su proveedor de red social.<\/p>\n<ol>\n<li>Informaci\u00f3n que elige compartir con nosotros.<\/li>\n<\/ol>\n<p>Puede elegir compartir informaci\u00f3n con nosotros, por ejemplo, al a\u00f1adir un comentario en Facebook, al completar una encuesta a clientes, u otras.<\/p>\n<p>\u00a0<\/p>\n<p><strong>2-Sus datos personales s\u00f3lo se utilizar\u00e1n para las siguientes finalidades:<\/strong><\/p>\n<ol>\n<li>a) Realizar las gestiones comerciales y administrativas necesarias con los usuarios de la web y nuestros pacientes o potenciales pacientes.<\/li>\n<li>b) Contactar con Ud. por motivo de para tramitar sus citas, consultas o tratamientos.\u00a0\u00a0<\/li>\n<li>c) En caso de contratar cualquiera de nuestros tratamientos, los datos se utilizan para rellenar las correspondientes fichas de paciente y gestionar los tratamientos.\u00a0 A este respecto, sus datos se pueden compartir con aquellos Doctores que participen en los tratamientos.<\/li>\n<li>d) Remitir comunicaciones comerciales publicitarias por email, redes sociales o cualquier otro medio electr\u00f3nico o f\u00edsico, en caso de que el Usted haya consentido expresamente al env\u00edo de dichas comunicaciones comerciales por v\u00eda electr\u00f3nica. En caso de que Usted sea paciente de LA CL\u00cdNICA, podremos remitirle informaci\u00f3n comercial relacionada con nuestros servicios.<\/li>\n<li>e) Comunicarnos con Ud. para responder a sus consultas y tramitar sus quejas.<\/li>\n<li>f) Comunicarnos con Ud. para obtener su opini\u00f3n sobre la calidad de nuestros servicios y tratamientos o el trato recibido.<\/li>\n<li>g) Igualmente, los datos recogidos durante su navegaci\u00f3n se tratan con el objetivo de proporcionar acceso a los contenidos en l\u00ednea de la web, as\u00ed como atender las solicitudes de los usuarios de la web, llevar un registro de estad\u00edstico de visitas (direcciones IP, datos del navegador, pa\u00eds, p\u00e1gina accedida, etc.) a efectos de que nos facilite desarrollar mejores servicios y productos, optimizar nuestra oferta y, proporcionar un servicio de atenci\u00f3n al cliente m\u00e1s eficaz y mejorar el dise\u00f1o y el contenido de nuestros sitios web.<\/li>\n<li>h) Los datos de nuestros pacientes y Proveedores ser\u00e1n tratados, dentro de la relaci\u00f3n contractual que les vincula con LA CL\u00cdNICA, en cumplimiento de las obligaciones administrativas, fiscales, contables y laborales que sean necesarias en virtud de la legislaci\u00f3n vigente.<\/li>\n<li>i) Objeci\u00f3n o revocaci\u00f3n. Puede objetar o revocar su consentimiento para recibir comunicaciones de marketing en cualquier momento siguiendo las instrucciones en la comunicaci\u00f3n de marketing pertinente o contactando con nosotros a trav\u00e9s del correo electr\u00f3nico: <a href=\"mailto:info@clinicadentalruizbusquets.es\">info@clinicadentalruizbusquets.es<\/a><\/li>\n<li>j) En caso de cumplimentar alguno de los formularios que encontrar\u00e1 en nuestra web, ser\u00e1 necesario facilitar determinados datos personales, los cuales se tratar\u00e1n para la finalidad para la que se solicitan.<\/li>\n<li>k) Los datos personales de nuestros empleados ser\u00e1n utilizados para el cumplimiento de las obligaciones laborales y contractuales correspondientes.<\/li>\n<\/ol>\n<p>De acuerdo con la LSSICE, LA CL\u00cdNICA. no realiza pr\u00e1cticas de SPAM, por lo tanto, no env\u00eda correos comerciales por e-mail si no tiene la legitimaci\u00f3n necesaria. En cualquier caso, Usted siempre tendr\u00e1 la posibilidad de retirar su consentimiento para recibir nuestras comunicaciones.<\/p>\n<p>No trataremos sus datos personales para ninguna otra finalidad de las descritas en esta Pol\u00edtica, salvo por obligaci\u00f3n legal o requerimiento judicial.<\/p>\n<p>Sus datos personales no ser\u00e1n objeto de decisiones basadas en tratamientos automatizados que produzcan efectos sobre Usted.<\/p>\n<p>\u00a0<\/p>\n<\/div><\/div><\/div><\/div><\/div><div class=\"fusion-fullwidth fullwidth-box fusion-builder-row-3 fusion-flex-container nonhundred-percent-fullwidth non-hundred-percent-height-scrolling\" style=\"--awb-border-radius-top-left:0px;--awb-border-radius-top-right:0px;--awb-border-radius-bottom-right:0px;--awb-border-radius-bottom-left:0px;--awb-flex-wrap:wrap;\" id=\"legitimacion\" ><div class=\"fusion-builder-row fusion-row fusion-flex-align-items-flex-start fusion-flex-content-wrap\" style=\"max-width:1300px;margin-left: calc(-4% \/ 2 );margin-right: calc(-4% \/ 2 );\"><div class=\"fusion-layout-column fusion_builder_column fusion-builder-column-2 fusion_builder_column_1_1 1_1 fusion-flex-column\" style=\"--awb-bg-size:cover;--awb-width-large:100%;--awb-margin-top-large:0px;--awb-spacing-right-large:1.92%;--awb-margin-bottom-large:20px;--awb-spacing-left-large:1.92%;--awb-width-medium:100%;--awb-order-medium:0;--awb-spacing-right-medium:1.92%;--awb-spacing-left-medium:1.92%;--awb-width-small:100%;--awb-order-small:0;--awb-spacing-right-small:1.92%;--awb-spacing-left-small:1.92%;\"><div class=\"fusion-column-wrapper fusion-column-has-shadow fusion-flex-justify-content-flex-start fusion-content-layout-column\"><div class=\"fusion-text fusion-text-3\"><h2>3- \u00bfCU\u00c1L ES LA BASE LEGAL QUE LEGITIMA EL TRATAMIENTO DE SUS DATOS?<\/h2>\n<p>La base legal que legitima el tratamiento de sus datos personales es su consentimiento expreso otorgado para llevar a cabo las finalidades anteriormente descritas, que se solicitar\u00e1 en el momento que nos solicite informaci\u00f3n, o bien marcando la casilla correspondiente o firmando a la hora de facilitar sus datos en cualquiera de nuestros formularios de recogida de datos personales.<\/p>\n<p>En caso de que se produzca una relaci\u00f3n comercial entre un usuario de la red, un paciente, proveedor o empleado y LA CL\u00cdNICA la base legal que legitimar\u00e1 el tratamiento de sus datos personales ser\u00e1 la ejecuci\u00f3n de la relaci\u00f3n contractual que se habr\u00e1 generado, as\u00ed como, en su caso, el cumplimiento de las correspondientes obligaciones legales.<\/p>\n<p>En caso de que no nos facilite sus datos personales o en caso de no aceptar nuestra pol\u00edtica de privacidad, LA CL\u00cdNICA no llevar\u00e1 a cabo el tratamiento de sus datos personales, pero tambi\u00e9n podr\u00e1 suponer la imposibilidad de que le enviemos informaci\u00f3n, le reservemos cita, y en definitiva que le prestemos nuestros servicios y tratamientos.<\/p>\n<p><b>Informaci\u00f3n comercial.\u00a0<\/b><\/p>\n<p>Cualquier comunicaci\u00f3n remitida quedar\u00e1 incorporada a los sistemas de informaci\u00f3n de LA CL\u00cdNICA.<\/p>\n<p>En caso de que nos facilite sus datos personales y acepte la presente pol\u00edtica de privacidad, le informamos que LA CL\u00cdNICA podr\u00e1 realzar las siguientes actividades y\/o acciones, salvo que nos indique lo contrario:<\/p>\n<p>&#8211; El env\u00edo de comunicaciones comerciales y\/o promocionales correspondientes a la contestaci\u00f3n de su petici\u00f3n de informaci\u00f3n por cualquier medio. La base legal que legitimar\u00e1 este tratamiento es su consentimiento expreso otorgado al hacer Usted voluntariamente la solicitud.<\/p>\n<p>&#8211; El env\u00edo de cualquier informaci\u00f3n, incluida la informaci\u00f3n comercial sobre noticias, novedades, etc. y toda aquella informaci\u00f3n relacionada con nuestras actividades y tratamientos o los servicios contratados por nuestros pacientes. La base legal que legitima este tratamiento es nuestro inter\u00e9s leg\u00edtimo dentro de la relaci\u00f3n comercial establecida con Usted.<\/p>\n<\/div><\/div><\/div><\/div><\/div><div class=\"fusion-fullwidth fullwidth-box fusion-builder-row-4 fusion-flex-container nonhundred-percent-fullwidth non-hundred-percent-height-scrolling\" style=\"--awb-border-radius-top-left:0px;--awb-border-radius-top-right:0px;--awb-border-radius-bottom-right:0px;--awb-border-radius-bottom-left:0px;--awb-flex-wrap:wrap;\" id=\"plazo\" ><div class=\"fusion-builder-row fusion-row fusion-flex-align-items-flex-start fusion-flex-content-wrap\" style=\"max-width:1300px;margin-left: calc(-4% \/ 2 );margin-right: calc(-4% \/ 2 );\"><div class=\"fusion-layout-column fusion_builder_column fusion-builder-column-3 fusion_builder_column_1_1 1_1 fusion-flex-column\" style=\"--awb-bg-size:cover;--awb-width-large:100%;--awb-margin-top-large:0px;--awb-spacing-right-large:1.92%;--awb-margin-bottom-large:20px;--awb-spacing-left-large:1.92%;--awb-width-medium:100%;--awb-order-medium:0;--awb-spacing-right-medium:1.92%;--awb-spacing-left-medium:1.92%;--awb-width-small:100%;--awb-order-small:0;--awb-spacing-right-small:1.92%;--awb-spacing-left-small:1.92%;\"><div class=\"fusion-column-wrapper fusion-column-has-shadow fusion-flex-justify-content-flex-start fusion-content-layout-column\"><div class=\"fusion-text fusion-text-4\"><h2>4- PLAZO DE CONSERVACI\u00d3N \u00bfCu\u00e1nto tiempo conservaremos sus datos?<\/h2>\n<p>Los datos personales que nos proporcione se conservar\u00e1n durante el tiempo necesario para gestionar la informaci\u00f3n que nos solicite, as\u00ed como para gestionar sus operaciones o, para el cumplimiento de cualquier contrato que se genere entre LA CL\u00cdNICA y terceros. En el caso de que tengamos sus datos identificativos en nuestra base de datos para el env\u00edo de informaci\u00f3n comercial, se conservar\u00e1n mientras se mantenga la base legal necesaria que legitima su conservaci\u00f3n y uso. Usted podr\u00e1 cancelar sus datos en cualquier momento con el fin de no recibir informaci\u00f3n comercial.<\/p>\n<p>Una vez los datos hayan cumplido las necesidades para los que fueron recogidos los borraremos definitivamente. No obstante, conservaremos sus datos m\u00e1s tiempo en caso de que sea necesario para el cumplimiento de obligaciones legales. Igualmente, podr\u00e1 ser necesario conservarlos durante el tiempo necesario para la prescripci\u00f3n de las responsabilidades legales que se generen.<\/p>\n<\/div><\/div><\/div><\/div><\/div><div class=\"fusion-fullwidth fullwidth-box fusion-builder-row-5 fusion-flex-container nonhundred-percent-fullwidth non-hundred-percent-height-scrolling\" style=\"--awb-border-radius-top-left:0px;--awb-border-radius-top-right:0px;--awb-border-radius-bottom-right:0px;--awb-border-radius-bottom-left:0px;--awb-flex-wrap:wrap;\" id=\"destinatarios\" ><div class=\"fusion-builder-row fusion-row fusion-flex-align-items-flex-start fusion-flex-content-wrap\" style=\"max-width:1300px;margin-left: calc(-4% \/ 2 );margin-right: calc(-4% \/ 2 );\"><div class=\"fusion-layout-column fusion_builder_column fusion-builder-column-4 fusion_builder_column_1_1 1_1 fusion-flex-column\" style=\"--awb-bg-size:cover;--awb-width-large:100%;--awb-margin-top-large:0px;--awb-spacing-right-large:1.92%;--awb-margin-bottom-large:20px;--awb-spacing-left-large:1.92%;--awb-width-medium:100%;--awb-order-medium:0;--awb-spacing-right-medium:1.92%;--awb-spacing-left-medium:1.92%;--awb-width-small:100%;--awb-order-small:0;--awb-spacing-right-small:1.92%;--awb-spacing-left-small:1.92%;\"><div class=\"fusion-column-wrapper fusion-column-has-shadow fusion-flex-justify-content-flex-start fusion-content-layout-column\"><div class=\"fusion-text fusion-text-5\" id=\"destinatarios\"><h2>5- \u00bfA QU\u00c9 DESTINATARIOS SE COMUNICAR\u00c1N SUS DATOS?<\/h2>\n<p>Dentro de nuestra organizaci\u00f3n sus datos personales ser\u00e1n tratados por el personal debidamente autorizado, y, si fuera necesario o pr\u00e1ctico para cumplir con los fines indicados anteriormente, podr\u00e1n ser tratados \u200b\u200bpor terceros.<\/p>\n<p>Las categor\u00edas de destinatarios a quienes pueden comunicarse tus Datos personales son los siguientes:<\/p>\n<ol>\n<li aria-level=\"2\">Terceros nombrados encargados del tratamiento, como proveedores de TI, consultores y asesores y otras empresas que prestan servicios auxiliares;<\/li>\n<li aria-level=\"2\">Proveedores de red social, agencias de marketing y proveedores de servicios de detecci\u00f3n de fraude.<\/li>\n<li aria-level=\"2\">entidades y Organismos p\u00fablicos, exclusivamente con el fin de cumplir con las obligaciones legales que correspondan.<\/li>\n<li aria-level=\"2\">Otros proveedores a los que, en tu caso, puedan cederse tus datos personales, como instituciones financieras, etc.<\/li>\n<li aria-level=\"2\">Sitios web de terceros. Nuestros sitios web enlazan a sitios web de terceros. Si sigue estos enlaces, saldr\u00e1 de nuestro sitio web o aplicaciones m\u00f3viles. Esta pol\u00edtica de privacidad no se aplica a sitios web de terceros. LA CL\u00cdNICA declina cualquier responsabilidad por el uso de terceros de sus datos personales. El uso de estos sitios web se realiza bajo su responsabilidad.<\/li>\n<\/ol>\n<p>En cualquier caso, todos los terceros citados anteriormente habr\u00e1n firmado, con car\u00e1cter previo, el correspondiente compromiso de confidencialidad siguiendo nuestras instrucciones conforme a la vigente normativa de protecci\u00f3n de datos personales, estar\u00e1n sometidos al deber de secreto profesional o actuar\u00e1n en cumplimiento de una obligaci\u00f3n legal.<\/p>\n<p>La informaci\u00f3n que usted nos proporcione tanto a trav\u00e9s de este sitio web como a trav\u00e9s de la aplicaci\u00f3n ser\u00e1 alojada en los servidores de LA CL\u00cdNICA.<\/p>\n<p>\u00a0<\/p>\n<\/div><\/div><\/div><\/div><\/div><div class=\"fusion-fullwidth fullwidth-box fusion-builder-row-6 fusion-flex-container nonhundred-percent-fullwidth non-hundred-percent-height-scrolling\" style=\"--awb-border-radius-top-left:0px;--awb-border-radius-top-right:0px;--awb-border-radius-bottom-right:0px;--awb-border-radius-bottom-left:0px;--awb-flex-wrap:wrap;\" id=\"derechos\" ><div class=\"fusion-builder-row fusion-row fusion-flex-align-items-flex-start fusion-flex-content-wrap\" style=\"max-width:1300px;margin-left: calc(-4% \/ 2 );margin-right: calc(-4% \/ 2 );\"><div class=\"fusion-layout-column fusion_builder_column fusion-builder-column-5 fusion_builder_column_1_1 1_1 fusion-flex-column\" style=\"--awb-bg-size:cover;--awb-width-large:100%;--awb-margin-top-large:0px;--awb-spacing-right-large:1.92%;--awb-margin-bottom-large:20px;--awb-spacing-left-large:1.92%;--awb-width-medium:100%;--awb-order-medium:0;--awb-spacing-right-medium:1.92%;--awb-spacing-left-medium:1.92%;--awb-width-small:100%;--awb-order-small:0;--awb-spacing-right-small:1.92%;--awb-spacing-left-small:1.92%;\"><div class=\"fusion-column-wrapper fusion-column-has-shadow fusion-flex-justify-content-flex-start fusion-content-layout-column\"><div class=\"fusion-text fusion-text-6\"><h2>6.- \u00bfCU\u00c1LES SON SUS DERECHOS CUANDO NOS FACILITA SUS DATOS?<\/h2>\n<p>Si desea ejercer los derechos que la normativa de protecci\u00f3n de datos le otorga, por favor, env\u00edenos un e mail a la siguiente direcci\u00f3n <a href=\"mailto:info@clinicadentalruizbusquets.es\">info@clinicadentalruizbusquets.es<\/a> poniendo en el asunto el derecho que quiere ejercitar y adjuntando copia de su documento nacional de identidad o pasaporte.<\/p>\n<p>Los Derechos que la normativa vigente reconoce y que, en su caso, puede ejercer son:\u00a0<\/p>\n<p>Derecho de Acceso a los datos:\u00a0<\/p>\n<p>Tiene derecho a que LA CL\u00cdNICA le comunique si se est\u00e1n tratando o no sus datos personales, y en caso de que se confirme el tratamiento, posibilitar\u00e1 su acceso facilit\u00e1ndole la siguiente informaci\u00f3n:<\/p>\n<p>-Los fines del tratamiento.<\/p>\n<p>-Las categor\u00edas de datos de que se trate.<\/p>\n<p>-El plazo o criterios de conservaci\u00f3n de los datos.<\/p>\n<p>Derecho de rectificaci\u00f3n de los datos:\u00a0<\/p>\n<p>Tendr\u00e1 derecho a que LA CL\u00cdNICA rectifique sus datos cuando resulten inexactos o incompletos mediante una declaraci\u00f3n rectificativa adicional.<\/p>\n<p>Derecho de Supresi\u00f3n de los datos:<\/p>\n<p>El interesado tendr\u00e1 derecho a que LA CL\u00cdNICA suprima sus datos, cuando:<\/p>\n<p>-El tratamiento sea il\u00edcito.<\/p>\n<p>-El interesado haya retirado su consentimiento.<\/p>\n<p>-Ya no sean necesarios en relaci\u00f3n con los fines para los que fueron recogidos o tratados.<\/p>\n<p>-El interesado haya ejercido el derecho de oposici\u00f3n y no prevalezcan otros motivos leg\u00edtimos para el tratamiento.<\/p>\n<p>-Los datos deban suprimirse para cumplir una obligaci\u00f3n jur\u00eddica de LA CL\u00cdNICA.<\/p>\n<p>El interesado no tendr\u00e1 derecho a que LA CL\u00cdNICA suprima sus datos cuando el tratamiento sea necesario:<\/p>\n<p>-Para ejercer el derecho a la libertad de expresi\u00f3n e informaci\u00f3n.<\/p>\n<p>-Para cumplir una obligaci\u00f3n jur\u00eddica de LA CL\u00cdNICA.<\/p>\n<p>-Para la formulaci\u00f3n, ejercicio o defensa de reclamaciones.<\/p>\n<p>-Por inter\u00e9s p\u00fablico fundamentado en la legislaci\u00f3n vigente por razones de salud p\u00fablica o para fines de investigaci\u00f3n hist\u00f3rica, estad\u00edstica o cient\u00edfica.<\/p>\n<p>Derecho de Portabilidad de los datos:\u00a0<\/p>\n<p>Tiene derecho a que LA CL\u00cdNICA transmita sus datos a otro responsable del tratamiento o al mismo interesado, mediante un formato estructurado de uso habitual y lectura mec\u00e1nica, cuando el tratamiento se efect\u00fae por medios automatizados y se base en:<\/p>\n<p>-El consentimiento del interesado para fines espec\u00edficos.<\/p>\n<p>-La ejecuci\u00f3n de un contrato o precontrato con el interesado.<\/p>\n<p>El derecho a la portabilidad de datos no se aplicar\u00e1 cuando:<\/p>\n<p>-Sea t\u00e9cnicamente imposible la transmisi\u00f3n.<\/p>\n<p>-Pueda afectar negativamente a los derechos y libertades de terceros.<\/p>\n<p>-El tratamiento tenga una misi\u00f3n de inter\u00e9s p\u00fablico fundamentado en la legislaci\u00f3n vigente.<\/p>\n<p>Derecho de Limitaci\u00f3n del tratamiento:<\/p>\n<p>El interesado tendr\u00e1 derecho a oponerse al tratamiento de tus datos realizado por LA CL\u00cdNICA por motivos relacionados con tu situaci\u00f3n particular, cuando el tratamiento se base en:<\/p>\n<p>-Mercadotecnia directa.<\/p>\n<p>-Elaboraci\u00f3n de perfiles.<\/p>\n<p>-Inter\u00e9s leg\u00edtimo del responsable o terceros, siempre que no prevalezcan los intereses o los derechos y libertades del interesado, especialmente si es un ni\u00f1o.<\/p>\n<p>-Investigaci\u00f3n hist\u00f3rica, estad\u00edstica o cient\u00edfica, salvo que el tratamiento sea necesario por motivos de inter\u00e9s p\u00fablico.<\/p>\n<p>Aunque el interesado se oponga al tratamiento de tus datos, LA CL\u00cdNICA podr\u00e1 seguir trat\u00e1ndolos siempre y cuando su inter\u00e9s leg\u00edtimo impere sobre los intereses o los derechos y libertades del interesado en un procedimiento judicial que lo justifique.<\/p>\n<p>LA CL\u00cdNICA deber\u00e1 informar al interesado del derecho a oponerse al tratamiento de tus datos de manera expl\u00edcita, clara y separada de cualquier otra informaci\u00f3n, en el momento de la primera comunicaci\u00f3n.<\/p>\n<p>Derecho de oposici\u00f3n:<\/p>\n<p>Es el derecho a que no se lleve a cabo el tratamiento de \u00e9stos o se cese en el mismo cuando no sea necesario tu consentimiento para el tratamiento, por la concurrencia de un motivo leg\u00edtimo y fundado, referido a tu concreta situaci\u00f3n personal, que lo justifique, y siempre que una Ley no disponga lo contrario.<\/p>\n<p>Derecho a no ser objeto de una elaboraci\u00f3n de perfiles:<\/p>\n<p>El interesado tendr\u00e1 derecho a no ser objeto de una elaboraci\u00f3n de perfiles cuya finalidad sea adoptar decisiones individuales basadas en un tratamiento automatizado de datos y destinadas a evaluar, analizar o predecir los siguientes aspectos personales:<\/p>\n<p>-Rendimiento profesional.<\/p>\n<p>-Situaci\u00f3n econ\u00f3mica.<\/p>\n<p>-Salud.<\/p>\n<p>-Preferencias o intereses personales.<\/p>\n<p>-Fiabilidad.<\/p>\n<p>-Comportamiento.<\/p>\n<p>-Ubicaci\u00f3n o movimientos de la persona.<\/p>\n<p>Cuando la elaboraci\u00f3n de perfiles se base \u00fanicamente en un tratamiento automatizado:<\/p>\n<p>-El interesado tendr\u00e1 derecho a estar informado si la decisi\u00f3n que pueda ser tomada pueda producirle efectos jur\u00eddicos que le afecten significativamente.<\/p>\n<p>-El interesado tendr\u00e1 derecho a obtener la intervenci\u00f3n humana por parte de LA CL\u00cdNICA, a expresar tu punto de vista y a impugnar la decisi\u00f3n, si el tratamiento ha sido autorizado mediante:<\/p>\n<p>-El consentimiento expl\u00edcito del interesado.<\/p>\n<p>-Un contrato entre LA CL\u00cdNICA y el interesado.<\/p>\n<p>No se aplicar\u00e1 al derecho a no ser objeto de una elaboraci\u00f3n de perfiles cuando la decisi\u00f3n que pueda ser tomada a consecuencia de esta est\u00e9 autorizada mediante:<\/p>\n<p>-El consentimiento expl\u00edcito del interesado.<\/p>\n<p>-Un contrato entre LA CL\u00cdNICA y el interesado.<\/p>\n<p>-Un tratamiento fundamentado en la legislaci\u00f3n vigente.<\/p>\n<\/div><\/div><\/div><\/div><\/div><div class=\"fusion-fullwidth fullwidth-box fusion-builder-row-7 fusion-flex-container nonhundred-percent-fullwidth non-hundred-percent-height-scrolling\" style=\"--awb-border-radius-top-left:0px;--awb-border-radius-top-right:0px;--awb-border-radius-bottom-right:0px;--awb-border-radius-bottom-left:0px;--awb-flex-wrap:wrap;\" id=\"reclamacion\" ><div class=\"fusion-builder-row fusion-row fusion-flex-align-items-flex-start fusion-flex-content-wrap\" style=\"max-width:1300px;margin-left: calc(-4% \/ 2 );margin-right: calc(-4% \/ 2 );\"><div class=\"fusion-layout-column fusion_builder_column fusion-builder-column-6 fusion_builder_column_1_1 1_1 fusion-flex-column\" style=\"--awb-bg-size:cover;--awb-width-large:100%;--awb-margin-top-large:0px;--awb-spacing-right-large:1.92%;--awb-margin-bottom-large:20px;--awb-spacing-left-large:1.92%;--awb-width-medium:100%;--awb-order-medium:0;--awb-spacing-right-medium:1.92%;--awb-spacing-left-medium:1.92%;--awb-width-small:100%;--awb-order-small:0;--awb-spacing-right-small:1.92%;--awb-spacing-left-small:1.92%;\"><div class=\"fusion-column-wrapper fusion-column-has-shadow fusion-flex-justify-content-flex-start fusion-content-layout-column\"><div class=\"fusion-text fusion-text-7\"><h2>7- RECLAMACI\u00d3N ANTE LA AUTORIDAD DE CONTROL:<\/h2>\n<p>En caso de que considere que LA CL\u00cdNICA ha vulnerado alguno de tus derechos protegidos por la normativa de protecci\u00f3n de datos personales o que \u00e9sta ha violado cualquier obligaci\u00f3n en materia de protecci\u00f3n de los Datos Personales, tiene el derecho de presentar reclamaci\u00f3n a la autoridad de control competente que en Espa\u00f1a es la Agencia Espa\u00f1ola de Protecci\u00f3n de Datos sita en la Calle Jorge Juan, 6. 28001 \u2013 Madrid.<\/p>\n<p>Tel. 901 100 099 &#8211; 912 663 517<a href=\"https:\/\/www.aepd.es\/\"><br \/>Igualmente puede presentar una reclamaci\u00f3n electr\u00f3nica a trav\u00e9s de la sede electr\u00f3nica que est\u00e1 disponible en tu p\u00e1gina web <\/a><a href=\"https:\/\/www.aepd.es\/\">https:\/\/www.aepd.es<\/a><a href=\"https:\/\/www.aepd.es\/\">\u00a0 <\/a><\/p>\n<\/div><\/div><\/div><\/div><\/div><div class=\"fusion-fullwidth fullwidth-box fusion-builder-row-8 fusion-flex-container nonhundred-percent-fullwidth non-hundred-percent-height-scrolling\" style=\"--awb-border-radius-top-left:0px;--awb-border-radius-top-right:0px;--awb-border-radius-bottom-right:0px;--awb-border-radius-bottom-left:0px;--awb-flex-wrap:wrap;\" id=\"legislacion\" ><div class=\"fusion-builder-row fusion-row fusion-flex-align-items-flex-start fusion-flex-content-wrap\" style=\"max-width:1300px;margin-left: calc(-4% \/ 2 );margin-right: calc(-4% \/ 2 );\"><div class=\"fusion-layout-column fusion_builder_column fusion-builder-column-7 fusion_builder_column_1_1 1_1 fusion-flex-column\" style=\"--awb-bg-size:cover;--awb-width-large:100%;--awb-margin-top-large:0px;--awb-spacing-right-large:1.92%;--awb-margin-bottom-large:20px;--awb-spacing-left-large:1.92%;--awb-width-medium:100%;--awb-order-medium:0;--awb-spacing-right-medium:1.92%;--awb-spacing-left-medium:1.92%;--awb-width-small:100%;--awb-order-small:0;--awb-spacing-right-small:1.92%;--awb-spacing-left-small:1.92%;\"><div class=\"fusion-column-wrapper fusion-column-has-shadow fusion-flex-justify-content-flex-start fusion-content-layout-column\"><div class=\"fusion-text fusion-text-8\"><h2>8-LEGISLACI\u00d3N Y JURISDICCI\u00d3N<\/h2>\n<p>La presente pol\u00edtica de privacidad se rige en todos y cada uno de tus extremos por el Reglamento (UE) 2016\/679 del Parlamento Europeo y del Consejo, de 27 de abril de 2016, relativo a la protecci\u00f3n de las personas f\u00edsicas en lo que respecta al tratamiento de datos personales y a la libre circulaci\u00f3n de estos datos.<\/p>\n<p>Igualmente se rige por la Ley Org\u00e1nica 3\/2018, de 5 de diciembre, de Protecci\u00f3n de Datos Personales y garant\u00eda de los derechos digitales. Igualmente, nuestra p\u00e1gina web se rige por la Ley 34\/2002, de 11 de julio, de servicios de la sociedad de la informaci\u00f3n y de comercio electr\u00f3nico.<\/p>\n<p>Los Usuarios de esta Web est\u00e1n sometidos a la legislaci\u00f3n y jurisdicci\u00f3n espa\u00f1ola a la que se someten expresamente, siendo competentes por la resoluci\u00f3n de todos los conflictos derivados o relacionados con su uso los Juzgados y Tribunales de BARCELONA.<\/p>\n<\/div><\/div><\/div><\/div><\/div><div class=\"fusion-fullwidth fullwidth-box fusion-builder-row-9 fusion-flex-container nonhundred-percent-fullwidth non-hundred-percent-height-scrolling\" style=\"--awb-border-radius-top-left:0px;--awb-border-radius-top-right:0px;--awb-border-radius-bottom-right:0px;--awb-border-radius-bottom-left:0px;--awb-flex-wrap:wrap;\" id=\"adicional\" ><div class=\"fusion-builder-row fusion-row fusion-flex-align-items-flex-start fusion-flex-content-wrap\" style=\"max-width:1300px;margin-left: calc(-4% \/ 2 );margin-right: calc(-4% \/ 2 );\"><div class=\"fusion-layout-column fusion_builder_column fusion-builder-column-8 fusion_builder_column_1_1 1_1 fusion-flex-column\" style=\"--awb-bg-size:cover;--awb-width-large:100%;--awb-margin-top-large:0px;--awb-spacing-right-large:1.92%;--awb-margin-bottom-large:20px;--awb-spacing-left-large:1.92%;--awb-width-medium:100%;--awb-order-medium:0;--awb-spacing-right-medium:1.92%;--awb-spacing-left-medium:1.92%;--awb-width-small:100%;--awb-order-small:0;--awb-spacing-right-small:1.92%;--awb-spacing-left-small:1.92%;\"><div class=\"fusion-column-wrapper fusion-column-has-shadow fusion-flex-justify-content-flex-start fusion-content-layout-column\"><div class=\"fusion-text fusion-text-9\"><h2>9- INFORMACI\u00d3N ADICIONAL<\/h2>\n<p><b>-REDES SOCIALES (POL\u00cdTICA PRIVACIDAD)<\/b><\/p>\n<p>Le informamos que LA CL\u00cdNICA puede tener presencia en redes sociales. El tratamiento de los datos que se lleve a cabo de las personas que se hagan seguidoras en las redes sociales (y\/o realicen cualquier v\u00ednculo o acci\u00f3n de conexi\u00f3n a trav\u00e9s de las redes sociales) de las p\u00e1ginas oficiales de LA CL\u00cdNICA se regir\u00e1 por este apartado, as\u00ed como por aquellas condiciones de uso, pol\u00edticas de privacidad y normativas de acceso que pertenezcan a la red social que proceda en cada caso y aceptadas previamente por el usuario.<\/p>\n<p>LA CL\u00cdNICA tratar\u00e1 sus datos con las finalidades de administrar correctamente su presencia en la red social, inform\u00e1ndole de actividades, productos o servicios del prestador, as\u00ed como para cualquier otra finalidad que las normativas de las Redes Sociales permitan.<\/p>\n<p>Queda prohibida la publicaci\u00f3n de contenidos:<\/p>\n<p>&#8211; Que sean presuntamente il\u00edcitos por la normativa nacional, comunitaria o internacional o que realicen actividades presuntamente il\u00edcitas o contravengan los principios de la buena fe.<\/p>\n<p>&#8211; Que atenten contra los derechos fundamentales de las personas, falten a la cortes\u00eda en la red, molesten o puedan generar opiniones negativas en nuestros usuarios o terceros y en general cualesquiera sean los contenidos que LA CL\u00cdNICA considere inapropiados.<\/p>\n<p>&#8211; Y en general que contravengan los principios de legalidad, honradez, responsabilidad, protecci\u00f3n de la dignidad humana, protecci\u00f3n de menores, protecci\u00f3n del orden p\u00fablico, la protecci\u00f3n de la vida privada, la protecci\u00f3n del consumidor y los derechos de propiedad intelectual e industrial.<\/p>\n<p>Asimismo, LA CL\u00cdNICA se reserva la potestad de retirar, sin previo aviso del sitio web o de la red social corporativa aquellos contenidos que se consideren inapropiados.<\/p>\n<p>Las comunicaciones remitidas a trav\u00e9s de las redes sociales ser\u00e1n incorporadas a un archivo propiedad de LA CL\u00cdNICA, pudi\u00e9ndole enviar informaci\u00f3n de su inter\u00e9s.<\/p>\n<p>Puede acceder a m\u00e1s informaci\u00f3n, as\u00ed como consultar las empresas que forman parte de nuestro grupo, en la presente pol\u00edtica de privacidad.<\/p>\n<p>En todo caso, si Vd. remite informaci\u00f3n personal a trav\u00e9s de la red social, LA CL\u00cdNICA. quedar\u00e1 exento de responsabilidad en relaci\u00f3n con las medidas de seguridad aplicables a la presente plataforma, debiendo el usuario en caso de querer conocerlas, consultar las correspondientes condiciones particulares de la red en cuesti\u00f3n.<\/p>\n<p><b>MEDIDAS DE SEGURIDAD:<\/b><\/p>\n<p>Los datos que nos facilite se tratar\u00e1n de forma confidencial. LA CL\u00cdNICA ha adoptado todas las medidas t\u00e9cnicas y organizativas y todos los niveles de protecci\u00f3n necesarios para garantizar la seguridad en el tratamiento de los datos y evitar su alteraci\u00f3n, p\u00e9rdida, robo, tratamiento o acceso no autorizado, de acuerdo el estado de la tecnolog\u00eda y naturaleza de los datos almacenados. As\u00ed mismo, se garantiza tambi\u00e9n que el tratamiento y registro en ficheros, programas, sistemas o equipos, locales y centros cumplen con los requisitos y condiciones de integridad y seguridad establecidas en la normativa vigente.<\/p>\n<p><b>IDIOMA<\/b><\/p>\n<p>El idioma aplicable a esta Pol\u00edtica de Privacidad es el castellano. Por tanto, en caso de que hubiera alguna contradicci\u00f3n en alguna de las versiones facilitadas en otros idiomas, prevalecer\u00e1 la versi\u00f3n en castellano.<\/p>\n<\/div><\/div><\/div><\/div><\/div><div class=\"fusion-fullwidth fullwidth-box fusion-builder-row-10 fusion-flex-container nonhundred-percent-fullwidth non-hundred-percent-height-scrolling\" style=\"--awb-border-radius-top-left:0px;--awb-border-radius-top-right:0px;--awb-border-radius-bottom-right:0px;--awb-border-radius-bottom-left:0px;--awb-flex-wrap:wrap;\" id=\"delegado\" ><div class=\"fusion-builder-row fusion-row fusion-flex-align-items-flex-start fusion-flex-content-wrap\" style=\"max-width:1300px;margin-left: calc(-4% \/ 2 );margin-right: calc(-4% \/ 2 );\"><div class=\"fusion-layout-column fusion_builder_column fusion-builder-column-9 fusion_builder_column_1_1 1_1 fusion-flex-column\" style=\"--awb-bg-size:cover;--awb-width-large:100%;--awb-margin-top-large:0px;--awb-spacing-right-large:1.92%;--awb-margin-bottom-large:20px;--awb-spacing-left-large:1.92%;--awb-width-medium:100%;--awb-order-medium:0;--awb-spacing-right-medium:1.92%;--awb-spacing-left-medium:1.92%;--awb-width-small:100%;--awb-order-small:0;--awb-spacing-right-small:1.92%;--awb-spacing-left-small:1.92%;\"><div class=\"fusion-column-wrapper fusion-column-has-shadow fusion-flex-justify-content-flex-start fusion-content-layout-column\"><div class=\"fusion-text fusion-text-10\"><h2>10- <b>CONTACTO DELEGADO DE PROTECCION DE DATOS<\/b><\/h2>\n<p><b>La Cl\u00ednica <\/b>dispone de un Delegado de Protecci\u00f3n de Datos que desempe\u00f1ar\u00e1 las siguientes funciones:<\/p>\n<ul>\n<li aria-level=\"1\">Informar y asesorar a <b>La Cl\u00ednica <\/b>sobre las obligaciones que debe efectuar para cumplir con la normativa de protecci\u00f3n de datos.\u00a0<\/li>\n<li aria-level=\"1\">Supervisar que los proveedores de <b>La Cl\u00ednica <\/b>cumplan con lo exigido en los contratos de encargado de tratamiento y en definitiva con la normativa de protecci\u00f3n de datos personales.\u00a0<\/li>\n<li aria-level=\"1\">Supervisar la aplicaci\u00f3n en <b>La Cl\u00ednica <\/b>de la normativa de protecci\u00f3n de datos.\u00a0<\/li>\n<li aria-level=\"1\">Velar por la correcta conservaci\u00f3n de la documentaci\u00f3n relacionada con la protecci\u00f3n de datos personales.<\/li>\n<li aria-level=\"1\">Supervisar la documentaci\u00f3n, notificaci\u00f3n y comunicaci\u00f3n de las violaciones de datos personales.<\/li>\n<li aria-level=\"1\">Ejercer de punto de contacto con la autoridad de control de cada pa\u00eds en las que tenga presencia <b>La Cl\u00ednica<\/b> sobre cuestiones relacionadas con el tratamiento.<\/li>\n<li aria-level=\"1\">Supervisar la respuesta a las solicitudes de la autoridad de control, as\u00ed como cooperar con ella cuando as\u00ed se le requiera.<\/li>\n<li aria-level=\"1\">Ofrecer informaci\u00f3n o asesoramiento a los interesados, en materia de protecci\u00f3n de datos.<\/li>\n<\/ul>\n<p>Puedes contactar con nuestro delegado de protecci\u00f3n de datos (Data Protection Officer) a trav\u00e9s del correo <a href=\"mailto:info@clinicadentalruizbusquets.es\">info@clinicadentalruizbusquets.es<\/a>\u00a0<\/p>\n<\/div><\/div><\/div><\/div><\/div><div class=\"fusion-fullwidth fullwidth-box fusion-builder-row-11 fusion-flex-container nonhundred-percent-fullwidth non-hundred-percent-height-scrolling\" style=\"--awb-border-radius-top-left:0px;--awb-border-radius-top-right:0px;--awb-border-radius-bottom-right:0px;--awb-border-radius-bottom-left:0px;--awb-flex-wrap:wrap;\" id=\"actualizacion\" ><div class=\"fusion-builder-row fusion-row fusion-flex-align-items-flex-start fusion-flex-content-wrap\" style=\"max-width:1300px;margin-left: calc(-4% \/ 2 );margin-right: calc(-4% \/ 2 );\"><div class=\"fusion-layout-column fusion_builder_column fusion-builder-column-10 fusion_builder_column_1_1 1_1 fusion-flex-column\" style=\"--awb-bg-size:cover;--awb-width-large:100%;--awb-margin-top-large:0px;--awb-spacing-right-large:1.92%;--awb-margin-bottom-large:20px;--awb-spacing-left-large:1.92%;--awb-width-medium:100%;--awb-order-medium:0;--awb-spacing-right-medium:1.92%;--awb-spacing-left-medium:1.92%;--awb-width-small:100%;--awb-order-small:0;--awb-spacing-right-small:1.92%;--awb-spacing-left-small:1.92%;\"><div class=\"fusion-column-wrapper fusion-column-has-shadow fusion-flex-justify-content-flex-start fusion-content-layout-column\"><div class=\"fusion-text fusion-text-11\"><h2>10-ACTUALIZACI\u00d3N<\/h2>\n<p>Esta Pol\u00edtica de privacidad se ha actualizado por \u00faltima vez en <b>abril de 2021<\/b> pero podr\u00e1 actualizarse en cualquier momento. Le recomendamos que la consulte cada vez que acceda a nuestra p\u00e1gina por si ha sufrido alteraciones.<\/p>\n<\/div><\/div><\/div><\/div><\/div><\/p>\n","protected":false},"excerpt":{"rendered":"","protected":false},"author":3,"featured_media":0,"parent":0,"menu_order":0,"comment_status":"closed","ping_status":"open","template":"","meta":{"footnotes":""},"class_list":["post-3","page","type-page","status-publish","hentry"],"yoast_head":"<!-- This site is optimized with the Yoast SEO plugin v23.8 - https:\/\/yoast.com\/wordpress\/plugins\/seo\/ -->\n<title>Pol\u00edtica de privacidad - Cl\u00ednica dental Ruiz-Busquets<\/title>\n<meta name=\"robots\" content=\"index, follow, max-snippet:-1, max-image-preview:large, max-video-preview:-1\" \/>\n<link rel=\"canonical\" href=\"https:\/\/www.clinicadentalruizbusquets.es\/es\/politica-privacidad\/?doing_wp_cron=1709413557.9191460609436035156250\" \/>\n<meta property=\"og:locale\" content=\"es_ES\" \/>\n<meta property=\"og:type\" content=\"article\" \/>\n<meta property=\"og:title\" content=\"Pol\u00edtica de privacidad - Cl\u00ednica dental Ruiz-Busquets\" \/>\n<meta property=\"og:url\" content=\"https:\/\/www.clinicadentalruizbusquets.es\/es\/politica-privacidad\/?doing_wp_cron=1709413557.9191460609436035156250\" \/>\n<meta property=\"og:site_name\" content=\"Cl\u00ednica dental Ruiz-Busquets\" \/>\n<meta property=\"article:modified_time\" content=\"2021-04-14T09:14:04+00:00\" \/>\n<meta name=\"twitter:card\" content=\"summary_large_image\" \/>\n<meta name=\"twitter:label1\" content=\"Tiempo de lectura\" \/>\n\t<meta name=\"twitter:data1\" content=\"51 minutos\" \/>\n<script type=\"application\/ld+json\" class=\"yoast-schema-graph\">{\"@context\":\"https:\/\/schema.org\",\"@graph\":[{\"@type\":\"WebPage\",\"@id\":\"https:\/\/www.clinicadentalruizbusquets.es\/es\/politica-privacidad\/?doing_wp_cron=1709413557.9191460609436035156250\",\"url\":\"https:\/\/www.clinicadentalruizbusquets.es\/es\/politica-privacidad\/?doing_wp_cron=1709413557.9191460609436035156250\",\"name\":\"Pol\u00edtica de privacidad - Cl\u00ednica dental Ruiz-Busquets\",\"isPartOf\":{\"@id\":\"https:\/\/www.clinicadentalruizbusquets.es\/#website\"},\"datePublished\":\"2020-10-22T08:30:26+00:00\",\"dateModified\":\"2021-04-14T09:14:04+00:00\",\"breadcrumb\":{\"@id\":\"https:\/\/www.clinicadentalruizbusquets.es\/es\/politica-privacidad\/?doing_wp_cron=1709413557.9191460609436035156250#breadcrumb\"},\"inLanguage\":\"es\",\"potentialAction\":[{\"@type\":\"ReadAction\",\"target\":[\"https:\/\/www.clinicadentalruizbusquets.es\/es\/politica-privacidad\/?doing_wp_cron=1709413557.9191460609436035156250\"]}]},{\"@type\":\"BreadcrumbList\",\"@id\":\"https:\/\/www.clinicadentalruizbusquets.es\/es\/politica-privacidad\/?doing_wp_cron=1709413557.9191460609436035156250#breadcrumb\",\"itemListElement\":[{\"@type\":\"ListItem\",\"position\":1,\"name\":\"Portada\",\"item\":\"https:\/\/www.clinicadentalruizbusquets.es\/es\/\"},{\"@type\":\"ListItem\",\"position\":2,\"name\":\"Pol\u00edtica de privacidad\"}]},{\"@type\":\"WebSite\",\"@id\":\"https:\/\/www.clinicadentalruizbusquets.es\/#website\",\"url\":\"https:\/\/www.clinicadentalruizbusquets.es\/\",\"name\":\"Cl\u00ednica dental Ruiz-Busquets\",\"description\":\"Cl\u00ednica dental en Sant Andreu\",\"potentialAction\":[{\"@type\":\"SearchAction\",\"target\":{\"@type\":\"EntryPoint\",\"urlTemplate\":\"https:\/\/www.clinicadentalruizbusquets.es\/?s={search_term_string}\"},\"query-input\":{\"@type\":\"PropertyValueSpecification\",\"valueRequired\":true,\"valueName\":\"search_term_string\"}}],\"inLanguage\":\"es\"}]}<\/script>\n<!-- \/ Yoast SEO plugin. -->","yoast_head_json":{"title":"Pol\u00edtica de privacidad - Cl\u00ednica dental Ruiz-Busquets","robots":{"index":"index","follow":"follow","max-snippet":"max-snippet:-1","max-image-preview":"max-image-preview:large","max-video-preview":"max-video-preview:-1"},"canonical":"https:\/\/www.clinicadentalruizbusquets.es\/es\/politica-privacidad\/?doing_wp_cron=1709413557.9191460609436035156250","og_locale":"es_ES","og_type":"article","og_title":"Pol\u00edtica de privacidad - Cl\u00ednica dental Ruiz-Busquets","og_url":"https:\/\/www.clinicadentalruizbusquets.es\/es\/politica-privacidad\/?doing_wp_cron=1709413557.9191460609436035156250","og_site_name":"Cl\u00ednica dental Ruiz-Busquets","article_modified_time":"2021-04-14T09:14:04+00:00","twitter_card":"summary_large_image","twitter_misc":{"Tiempo de lectura":"51 minutos"},"schema":{"@context":"https:\/\/schema.org","@graph":[{"@type":"WebPage","@id":"https:\/\/www.clinicadentalruizbusquets.es\/es\/politica-privacidad\/?doing_wp_cron=1709413557.9191460609436035156250","url":"https:\/\/www.clinicadentalruizbusquets.es\/es\/politica-privacidad\/?doing_wp_cron=1709413557.9191460609436035156250","name":"Pol\u00edtica de privacidad - Cl\u00ednica dental Ruiz-Busquets","isPartOf":{"@id":"https:\/\/www.clinicadentalruizbusquets.es\/#website"},"datePublished":"2020-10-22T08:30:26+00:00","dateModified":"2021-04-14T09:14:04+00:00","breadcrumb":{"@id":"https:\/\/www.clinicadentalruizbusquets.es\/es\/politica-privacidad\/?doing_wp_cron=1709413557.9191460609436035156250#breadcrumb"},"inLanguage":"es","potentialAction":[{"@type":"ReadAction","target":["https:\/\/www.clinicadentalruizbusquets.es\/es\/politica-privacidad\/?doing_wp_cron=1709413557.9191460609436035156250"]}]},{"@type":"BreadcrumbList","@id":"https:\/\/www.clinicadentalruizbusquets.es\/es\/politica-privacidad\/?doing_wp_cron=1709413557.9191460609436035156250#breadcrumb","itemListElement":[{"@type":"ListItem","position":1,"name":"Portada","item":"https:\/\/www.clinicadentalruizbusquets.es\/es\/"},{"@type":"ListItem","position":2,"name":"Pol\u00edtica de privacidad"}]},{"@type":"WebSite","@id":"https:\/\/www.clinicadentalruizbusquets.es\/#website","url":"https:\/\/www.clinicadentalruizbusquets.es\/","name":"Cl\u00ednica dental Ruiz-Busquets","description":"Cl\u00ednica dental en Sant Andreu","potentialAction":[{"@type":"SearchAction","target":{"@type":"EntryPoint","urlTemplate":"https:\/\/www.clinicadentalruizbusquets.es\/?s={search_term_string}"},"query-input":{"@type":"PropertyValueSpecification","valueRequired":true,"valueName":"search_term_string"}}],"inLanguage":"es"}]}},"_links":{"self":[{"href":"https:\/\/www.clinicadentalruizbusquets.es\/es\/wp-json\/wp\/v2\/pages\/3","targetHints":{"allow":["GET"]}}],"collection":[{"href":"https:\/\/www.clinicadentalruizbusquets.es\/es\/wp-json\/wp\/v2\/pages"}],"about":[{"href":"https:\/\/www.clinicadentalruizbusquets.es\/es\/wp-json\/wp\/v2\/types\/page"}],"author":[{"embeddable":true,"href":"https:\/\/www.clinicadentalruizbusquets.es\/es\/wp-json\/wp\/v2\/users\/3"}],"replies":[{"embeddable":true,"href":"https:\/\/www.clinicadentalruizbusquets.es\/es\/wp-json\/wp\/v2\/comments?post=3"}],"version-history":[{"count":0,"href":"https:\/\/www.clinicadentalruizbusquets.es\/es\/wp-json\/wp\/v2\/pages\/3\/revisions"}],"wp:attachment":[{"href":"https:\/\/www.clinicadentalruizbusquets.es\/es\/wp-json\/wp\/v2\/media?parent=3"}],"curies":[{"name":"wp","href":"https:\/\/api.w.org\/{rel}","templated":true}]}}